{"id":14057,"date":"2022-11-20T11:01:13","date_gmt":"2022-11-20T10:01:13","guid":{"rendered":"https:\/\/www.hotelandy.com\/?page_id=14057"},"modified":"2023-05-22T14:33:38","modified_gmt":"2023-05-22T12:33:38","slug":"zimmermappe","status":"publish","type":"page","link":"https:\/\/www.hotelandy.com\/de\/zimmermappe\/","title":{"rendered":"Zimmermappe"},"content":{"rendered":"\n<div class=\"wp-block-group is-layout-constrained wp-block-group-is-layout-constrained\">\n<h1 class=\"wp-block-heading has-text-align-center\">Herzlich Willkommen!<\/h1>\n\n\n\n<p class=\"has-text-align-center col-12 col-sm-12 col-md-6 offset-md-3\">Nachfolgend finden Sie alle n\u00fctzlichen Informationen f\u00fcr einen angenehmen Aufenthalt im Andy.<\/p>\n\n\n<h3><\/h3>\n<p><\/p>\n<div class=\"accordion\" id=\"accordionParent\">\n        <div class=\"accordion-item\">\n        <div class=\"accordion-header border-bottom-0 bg-transparent\" id=\"heading14777\">\n            <button class=\"accordion-button bg-transparent border-0 collapsed\" data-bs-toggle=\"collapse\" data-bs-target=\"#collapse14777\">\u00c0 la carte Restaurant im Haus<\/button>\n        <\/div>\n        <div class=\"accordion-collapse collapse\" id=\"collapse14777\" data-bs-parent=\"#accordionParent\">\n            <div class=\"accordion-body\">\n<ul class=\"wp-block-list\">\n<li>Wir bitten Sie rechtzeitig an der Rezeption oder beim Kellner einen Tisch zu reservieren. <\/li>\n\n\n\n<li>\u00d6ffnungszeit 18:00 \u2013 21:00 Uhr (letzte Bestellung 20:45 Uhr) &#8211; Dienstag Ruhetag<\/li>\n\n\n\n<li>Tags\u00fcber, und auch Dienstag abends, steht Ihnen unserer kleine Speisekarte zur Verf\u00fcgung.<\/li>\n<\/ul>\n<\/div>\n        <\/div>\n    <\/div>\n        <div class=\"accordion-item\">\n        <div class=\"accordion-header border-bottom-0 bg-transparent\" id=\"heading14039\">\n            <button class=\"accordion-button bg-transparent border-0 collapsed\" data-bs-toggle=\"collapse\" data-bs-target=\"#collapse14039\">An- &#038; Abreise<\/button>\n        <\/div>\n        <div class=\"accordion-collapse collapse\" id=\"collapse14039\" data-bs-parent=\"#accordionParent\">\n            <div class=\"accordion-body\">\n<ul class=\"wp-block-list\">\n<li>Check-in ab ca. 15:00 Uhr<\/li>\n\n\n\n<li>Check-out bis 10:30 Uhr<\/li>\n\n\n\n<li>Late Check-out nur auf Anfrage, gegen Geb\u00fchr.<\/li>\n<\/ul>\n<\/div>\n        <\/div>\n    <\/div>\n        <div class=\"accordion-item\">\n        <div class=\"accordion-header border-bottom-0 bg-transparent\" id=\"heading14037\">\n            <button class=\"accordion-button bg-transparent border-0 collapsed\" data-bs-toggle=\"collapse\" data-bs-target=\"#collapse14037\">Apotheke \/ Arzt \/ Notdienst \/ Krankenhaus<\/button>\n        <\/div>\n        <div class=\"accordion-collapse collapse\" id=\"collapse14037\" data-bs-parent=\"#accordionParent\">\n            <div class=\"accordion-body\">\n<p><strong>Pitztal Apotheke in Arzl<\/strong><br>Dorfstra\u00dfe 38<br>6471 Arzl im Pitztal<em>&nbsp;<\/em><br>Mo-Fr 08:00 \u2013 12:00 \/ 15:00 \u2013 18:00 Uhr<\/p>\n\n\n\n<p><strong>Stadtapotheke Imst<\/strong><em>&nbsp;&nbsp;&nbsp;&nbsp;&nbsp;<\/em><br>Dr.-Carl-Pfeiffenberger-Stra\u00dfe 22<br>6460 Imst<br>Mo-Fr 08:00 &#8211; 18:30 Uhr<\/p>\n\n\n\n<div style=\"height:20px\" aria-hidden=\"true\" class=\"wp-block-spacer\"><\/div>\n\n\n\n<p><strong>\u00c4rzte<\/strong><br>Dr. Gebhart, Arzl, (05412) 66 120 <br>Dr. Unger, Wenns, (05414) 87 205 <br>Dr. Gusmerotti, Jerzens, (05414) 86 244 <br>Dr. Niederreiter, St. Leonhard, (05413) 87 205 <\/p>\n\n\n\n<div style=\"height:20px\" aria-hidden=\"true\" class=\"wp-block-spacer\"><\/div>\n\n\n\n<p><strong>Krankenh\u00e4user<\/strong><br>MEDALP Imst \/ Mils<br>Medalp Platz 1, 6460 Imst<br>Tel. 0043 5418 51100<\/p>\n\n\n\n<p>Krankenhaus Zams<br>Sanatoriumstra\u00dfe 43, 6511 Zams<br>Tel. 0043 5442 600<\/p>\n\n\n\n<p>\u00d6ffnungszeiten k\u00f6nnen abweichen. Aktuelle Infos erfahren Sie bei uns an der Rezeption oder online <a href=\"https:\/\/maps.pitztal.com\/v2\/de\/gdi_summer\/2d\/-1\/category\/11.737503410434101\/47.192764808685354\/10.636695017430156\/18457\/-1\/\" target=\"_blank\" rel=\"noreferrer noopener nofollow\">hier<\/a>.<\/p>\n<\/div>\n        <\/div>\n    <\/div>\n        <div class=\"accordion-item\">\n        <div class=\"accordion-header border-bottom-0 bg-transparent\" id=\"heading14779\">\n            <button class=\"accordion-button bg-transparent border-0 collapsed\" data-bs-toggle=\"collapse\" data-bs-target=\"#collapse14779\">Beauty \/ Kosmetikstudio Tanja<\/button>\n        <\/div>\n        <div class=\"accordion-collapse collapse\" id=\"collapse14779\" data-bs-parent=\"#accordionParent\">\n            <div class=\"accordion-body\">\n<p>Im Andy Hotel Apartment verw\u00f6hnt Sie Tanja Holzknecht-Jeller vom Kosmetikstudio Wohl Geh\u00b3 F\u00fchl mit <a href=\"https:\/\/www.hotelandy.com\/de\/wellness-spa-vital\/kosmetik-fusspflege\/\" target=\"_blank\" rel=\"noreferrer noopener\">Beauty-Treatments und K\u00f6rperbehandlungen<\/a>.<\/p>\n\n\n\n<ul class=\"wp-block-list\">\n<li>Terminvereinbarung unter Tel: +43 (0) 664 5281681 oder E-Mail: <a href=\"mailto:wohlgeh.fuehl3@gmail.com\" target=\"_blank\" rel=\"noreferrer noopener\">wohlgeh.fuehl3@gmail.com<\/a><\/li>\n\n\n\n<li>Stornierungen bitte sp\u00e4testens einen Tag im Voraus.<\/li>\n<\/ul>\n<\/div>\n        <\/div>\n    <\/div>\n        <div class=\"accordion-item\">\n        <div class=\"accordion-header border-bottom-0 bg-transparent\" id=\"heading14040\">\n            <button class=\"accordion-button bg-transparent border-0 collapsed\" data-bs-toggle=\"collapse\" data-bs-target=\"#collapse14040\">Bezahlung<\/button>\n        <\/div>\n        <div class=\"accordion-collapse collapse\" id=\"collapse14040\" data-bs-parent=\"#accordionParent\">\n            <div class=\"accordion-body\">\n<ul class=\"wp-block-list\">\n<li>Gerne k\u00f6nnen Sie Ihren Aufenthalt mit EC Karte, Visa, MasterCard, AMEX oder in bar begleichen.<\/li>\n\n\n\n<li>Am Tag vor Ihrer Abreise k\u00f6nnen Sie Ihre Rechnung bis 19:00 Uhr begleichen.<\/li>\n<\/ul>\n<\/div>\n        <\/div>\n    <\/div>\n        <div class=\"accordion-item\">\n        <div class=\"accordion-header border-bottom-0 bg-transparent\" id=\"heading14844\">\n            <button class=\"accordion-button bg-transparent border-0 collapsed\" data-bs-toggle=\"collapse\" data-bs-target=\"#collapse14844\">Einkaufen<\/button>\n        <\/div>\n        <div class=\"accordion-collapse collapse\" id=\"collapse14844\" data-bs-parent=\"#accordionParent\">\n            <div class=\"accordion-body\">\n<p>Einkaufsm\u00f6glichkeiten f\u00fcr Lebensmittel, regionale Produkte sowie Lifestyle &amp; Sportmode finden Sie <a href=\"https:\/\/maps.pitztal.com\/v2\/de\/gdi_summer\/2d\/-1\/category\/11.206200387833919\/47.05870930671716\/10.678779947584985\/18426\/-1\/\" target=\"_blank\" rel=\"noreferrer noopener nofollow\">hier<\/a>.<\/p>\n\n\n\n<p><\/p>\n<\/div>\n        <\/div>\n    <\/div>\n        <div class=\"accordion-item\">\n        <div class=\"accordion-header border-bottom-0 bg-transparent\" id=\"heading14044\">\n            <button class=\"accordion-button bg-transparent border-0 collapsed\" data-bs-toggle=\"collapse\" data-bs-target=\"#collapse14044\">Elektroauto Ladestation<\/button>\n        <\/div>\n        <div class=\"accordion-collapse collapse\" id=\"collapse14044\" data-bs-parent=\"#accordionParent\">\n            <div class=\"accordion-body\">\n<ul class=\"wp-block-list\">\n<li>Gerne k\u00f6nnen Sie Ihr E-Auto bei uns im Hotel Andy laden. Die Ladestation finden Sie im 1. Stock der Parkgarage. Bitte geben Sie an der Rezeption Bescheid, damit wir diese f\u00fcr Sie freischalten. <\/li>\n\n\n\n<li>F\u00fcr das Laden Ihres E-Autos verrechnen wir \u20ac 48 pro voller Ladung, alles andere wird prozentuell nach Batteriestand abgerechnet.<\/li>\n<\/ul>\n<\/div>\n        <\/div>\n    <\/div>\n        <div class=\"accordion-item\">\n        <div class=\"accordion-header border-bottom-0 bg-transparent\" id=\"heading14043\">\n            <button class=\"accordion-button bg-transparent border-0 collapsed\" data-bs-toggle=\"collapse\" data-bs-target=\"#collapse14043\">Fitnessraum<\/button>\n        <\/div>\n        <div class=\"accordion-collapse collapse\" id=\"collapse14043\" data-bs-parent=\"#accordionParent\">\n            <div class=\"accordion-body\">\n<ul class=\"wp-block-list\">\n<li>T\u00e4glich 24 Stunden ge\u00f6ffnet f\u00fcr Erwachsene und Kinder ab 15 Jahre. <\/li>\n\n\n\n<li>Kinder unter 15 Jahren bitte nur in Begleitung einer erwachsenen Person.<\/li>\n<\/ul>\n<\/div>\n        <\/div>\n    <\/div>\n        <div class=\"accordion-item\">\n        <div class=\"accordion-header border-bottom-0 bg-transparent\" id=\"heading14042\">\n            <button class=\"accordion-button bg-transparent border-0 collapsed\" data-bs-toggle=\"collapse\" data-bs-target=\"#collapse14042\">Fr\u00fchst\u00fcck<\/button>\n        <\/div>\n        <div class=\"accordion-collapse collapse\" id=\"collapse14042\" data-bs-parent=\"#accordionParent\">\n            <div class=\"accordion-body\">\n<ul class=\"wp-block-list\">\n<li>Das Fr\u00fchst\u00fccksbuffet ist von 07:30 Uhr bis 10:00 Uhr f\u00fcr Sie aufgebaut. Ein eigener Tisch ist f\u00fcr Sie reserviert.<\/li>\n\n\n\n<li>Auf Wunsch bieten wir Ihnen auch Fr\u00fchst\u00fcck per Zimmerservice in Ihrem Apartment (Aufpreis \u20ac 12 pro Person). Wir bitten um Anmeldung bis 12:00 Uhr am Vortag.<\/li>\n<\/ul>\n<\/div>\n        <\/div>\n    <\/div>\n        <div class=\"accordion-item\">\n        <div class=\"accordion-header border-bottom-0 bg-transparent\" id=\"heading14791\">\n            <button class=\"accordion-button bg-transparent border-0 collapsed\" data-bs-toggle=\"collapse\" data-bs-target=\"#collapse14791\">Gastronomie<\/button>\n        <\/div>\n        <div class=\"accordion-collapse collapse\" id=\"collapse14791\" data-bs-parent=\"#accordionParent\">\n            <div class=\"accordion-body\">\n<p>Restaurants, Caf\u00e9s sowie H\u00fctten und Berggastronomie finden Sie <a href=\"https:\/\/maps.pitztal.com\/v2\/de\/gdi_summer\/2d\/-1\/category\/11.341112897974572\/47.047050962455586\/10.480177710859493\/18390\/-1\/\" target=\"_blank\" rel=\"noreferrer noopener nofollow\">hier<\/a>.<\/p>\n<\/div>\n        <\/div>\n    <\/div>\n        <div class=\"accordion-item\">\n        <div class=\"accordion-header border-bottom-0 bg-transparent\" id=\"heading14041\">\n            <button class=\"accordion-button bg-transparent border-0 collapsed\" data-bs-toggle=\"collapse\" data-bs-target=\"#collapse14041\">Geldautomat \/ Bankomat<\/button>\n        <\/div>\n        <div class=\"accordion-collapse collapse\" id=\"collapse14041\" data-bs-parent=\"#accordionParent\">\n            <div class=\"accordion-body\">\n<ul class=\"wp-block-list\">\n<li>Der n\u00e4chste Geldautomat befindet sich direkt bei den Bergbahnen. <\/li>\n\n\n\n<li>Weitere Geldautomaten finden Sie <a href=\"https:\/\/maps.pitztal.com\/v2\/de\/gdi_summer\/2d\/-1\/search\/11.206200387833935\/47.05870930671716\/10.678779947585099\/-1\/-1\/false\/-1\/-1\/bankomat\/-1\/-1\/-1\/0\/0\/\" target=\"_blank\" rel=\"noreferrer noopener nofollow\">hier<\/a>.<\/li>\n<\/ul>\n<\/div>\n        <\/div>\n    <\/div>\n        <div class=\"accordion-item\">\n        <div class=\"accordion-header border-bottom-0 bg-transparent\" id=\"heading14045\">\n            <button class=\"accordion-button bg-transparent border-0 collapsed\" data-bs-toggle=\"collapse\" data-bs-target=\"#collapse14045\">Granderwasser<\/button>\n        <\/div>\n        <div class=\"accordion-collapse collapse\" id=\"collapse14045\" data-bs-parent=\"#accordionParent\">\n            <div class=\"accordion-body\">\n<p>Im Hotel ANDY findet unser Granderwasser in allen Bereichen seine Anwendung. Aus jeder Wasserleitung \u2013 sei es im Zimmer oder im Restaurant \u2013 flie\u00dft das aufbereitete, kostbare Gut. Auch im Bad, unter der Dusche und sogar in unserem Schwimmbad verw\u00f6hnt Sie die urspr\u00fcngliche Kraft des nassen Elementes. <a href=\"https:\/\/www.hotelandy.com\/de\/hotel-pitztal\/philosophie\/#granderwasser\" target=\"_blank\" rel=\"noreferrer noopener\">Hier<\/a> mehr erfahren.<\/p>\n<\/div>\n        <\/div>\n    <\/div>\n        <div class=\"accordion-item\">\n        <div class=\"accordion-header border-bottom-0 bg-transparent\" id=\"heading14046\">\n            <button class=\"accordion-button bg-transparent border-0 collapsed\" data-bs-toggle=\"collapse\" data-bs-target=\"#collapse14046\">Haustiere<\/button>\n        <\/div>\n        <div class=\"accordion-collapse collapse\" id=\"collapse14046\" data-bs-parent=\"#accordionParent\">\n            <div class=\"accordion-body\">\n<ul class=\"wp-block-list\">\n<li>Haustiere sind bei uns willkommen! Gerne stellen wir Ihrem Vierbeiner eine Hundedecke und einen Fressnapf im Zimmer zur Verf\u00fcgung. <\/li>\n\n\n\n<li>F\u00fcr Fahrten mit den Bussen\/Bergbahnen k\u00f6nnen Sie gerne Maulk\u00f6rbe an der Rezeption kostenlos ausleihen. <\/li>\n\n\n\n<li>Im Fr\u00fchst\u00fccksraum sind Hunde nicht erlaubt. Gerne reservieren wir f\u00fcr das Fr\u00fchst\u00fcck f\u00fcr Sie und Ihren Hund einen Tisch im Wintergarten.<\/li>\n\n\n\n<li>F\u00fcr Haustiere verrechnen wir \u20ac 20,- pro Nacht ohne Futter.<\/li>\n<\/ul>\n<\/div>\n        <\/div>\n    <\/div>\n        <div class=\"accordion-item\">\n        <div class=\"accordion-header border-bottom-0 bg-transparent\" id=\"heading14919\">\n            <button class=\"accordion-button bg-transparent border-0 collapsed\" data-bs-toggle=\"collapse\" data-bs-target=\"#collapse14919\">Lunchpaket<\/button>\n        <\/div>\n        <div class=\"accordion-collapse collapse\" id=\"collapse14919\" data-bs-parent=\"#accordionParent\">\n            <div class=\"accordion-body\">\n<p>M\u00f6chten Sie eine Jause f\u00fcr unterwegs? Gerne packen wir ein Lunchpaket (\u20ac 14,50 pro Person) f\u00fcr Sie. Bitte geben Sie daf\u00fcr unseren Mitarbeiter*innen im Service oder an der Rezeption Bescheid.<\/p>\n<\/div>\n        <\/div>\n    <\/div>\n        <div class=\"accordion-item\">\n        <div class=\"accordion-header border-bottom-0 bg-transparent\" id=\"heading14782\">\n            <button class=\"accordion-button bg-transparent border-0 collapsed\" data-bs-toggle=\"collapse\" data-bs-target=\"#collapse14782\">Massagen<\/button>\n        <\/div>\n        <div class=\"accordion-collapse collapse\" id=\"collapse14782\" data-bs-parent=\"#accordionParent\">\n            <div class=\"accordion-body\">\n<p>Massagen mit Christiana &#8211; weitere Details erfahren Sie <a href=\"https:\/\/www.hotelandy.com\/de\/massagen\/\" target=\"_blank\" rel=\"noreferrer noopener\">hier<\/a>.<\/p>\n\n\n\n<p>Bitte vereinbaren Sie Ihren Termin direkt bei Christiana per Mail unter\u00a0<a href=\"mailto:info@besonderzeit.com\">info@besonderzeit.com<\/a><br>Gerne auch bei uns an der Rezeption, per Mail unter\u00a0<a href=\"mailto:info@hotelandy.com\">info@hotelandy.com<\/a> oder telefonisch unter\u00a0<a href=\"tel:+43541486100\">+43 5414 86100<\/a>.<\/p>\n<\/div>\n        <\/div>\n    <\/div>\n        <div class=\"accordion-item\">\n        <div class=\"accordion-header border-bottom-0 bg-transparent\" id=\"heading14047\">\n            <button class=\"accordion-button bg-transparent border-0 collapsed\" data-bs-toggle=\"collapse\" data-bs-target=\"#collapse14047\">Nachteingang<\/button>\n        <\/div>\n        <div class=\"accordion-collapse collapse\" id=\"collapse14047\" data-bs-parent=\"#accordionParent\">\n            <div class=\"accordion-body\">\n<ul class=\"wp-block-list\">\n<li>Wenn Sie das Hotel nach 22:00 Uhr verlassen bzw. betreten, benutzen Sie bitte den Nachteingang. <\/li>\n\n\n\n<li>Der Nachteingang befindet sich an der Hausecke am Gehsteig die Treppe hinunter und l\u00e4sst sich mit der Zimmerkarte \u00f6ffnen.<\/li>\n<\/ul>\n<\/div>\n        <\/div>\n    <\/div>\n        <div class=\"accordion-item\">\n        <div class=\"accordion-header border-bottom-0 bg-transparent\" id=\"heading14783\">\n            <button class=\"accordion-button bg-transparent border-0 collapsed\" data-bs-toggle=\"collapse\" data-bs-target=\"#collapse14783\">Parkgarage<\/button>\n        <\/div>\n        <div class=\"accordion-collapse collapse\" id=\"collapse14783\" data-bs-parent=\"#accordionParent\">\n            <div class=\"accordion-body\">\n<ul class=\"wp-block-list\">\n<li>Vor dem Check-in und zum Ausladen Ihren Gep\u00e4cks k\u00f6nnen Sie das Auto am Gehsteig parken. Bitte schalten Sie dazu die Warnblinkanlage ein.<\/li>\n\n\n\n<li>Die Einfahrt neben dem Hotel f\u00fchrt zu unserem Parkhaus. Gerne steht Ihnen w\u00e4hrend Ihres Aufenthalts ein kostenloser Parkplatz in der 1. oder 2. Ebene zur Verf\u00fcgung.<\/li>\n\n\n\n<li>F\u00fcr E-Autos haben wir in der 1. Ebene drei Stellpl\u00e4tze reserviert, auf Nachfrage an der Rezeption werden die Ladepl\u00e4tze f\u00fcr Sie gestartet.<\/li>\n\n\n\n<li>Die ebenerdigen Parkpl\u00e4tze sind f\u00fcr unsere Mitarbeiter*innen reserviert.<\/li>\n<\/ul>\n<\/div>\n        <\/div>\n    <\/div>\n        <div class=\"accordion-item\">\n        <div class=\"accordion-header border-bottom-0 bg-transparent\" id=\"heading14785\">\n            <button class=\"accordion-button bg-transparent border-0 collapsed\" data-bs-toggle=\"collapse\" data-bs-target=\"#collapse14785\">Pitztal im Sommer &#038; Sommercard<\/button>\n        <\/div>\n        <div class=\"accordion-collapse collapse\" id=\"collapse14785\" data-bs-parent=\"#accordionParent\">\n            <div class=\"accordion-body\">\n<ul class=\"wp-block-list\">\n<li>Die Betriebszeiten der Bergbahnen Hochzeiger im Sommer, Ausflugsziele, Familienaktivit\u00e4ten und vieles mehr finden Sie <a href=\"https:\/\/www.pitztal.com\/de\/hochzeiger-im-sommer\" target=\"_blank\" rel=\"noreferrer noopener nofollow\">hier<\/a>.<\/li>\n\n\n\n<li>Bei allen Buchungen ist die <a href=\"https:\/\/www.pitztal.com\/de\/sommer\/preise\/pitztal-sommer-card\" target=\"_blank\" rel=\"noreferrer noopener nofollow\">Pitztal Sommercard<\/a> inklusive. Bei Anreise erhalten Sie Ihre Pitztal Sommer Card von uns und k\u00f6nnen t\u00e4glich (inklusive Anreisetag oder Abreisetag) entweder eine Bergbahn oder den XP Abenteuerpark kostenlos in Anspruch nehmen. Zus\u00e4tzlich erhalten Sie t\u00e4glich Zutritt zu den anderen Leistungspartnern und fahren kostenlos mit dem \u00f6ffentlichen Bus im Pitztal.<\/li>\n<\/ul>\n<\/div>\n        <\/div>\n    <\/div>\n        <div class=\"accordion-item\">\n        <div class=\"accordion-header border-bottom-0 bg-transparent\" id=\"heading14788\">\n            <button class=\"accordion-button bg-transparent border-0 collapsed\" data-bs-toggle=\"collapse\" data-bs-target=\"#collapse14788\">Pitztal im Winter<\/button>\n        <\/div>\n        <div class=\"accordion-collapse collapse\" id=\"collapse14788\" data-bs-parent=\"#accordionParent\">\n            <div class=\"accordion-body\">\n<ul class=\"wp-block-list\">\n<li>Aktuelle Betriebszeiten der Bergbahnen Hochzeiger im Winter sowie alle Infos zum Skigebiet finden Sie <a href=\"https:\/\/www.pitztal.com\/de\/winter\/skigebiete-in-tirol\/hochzeiger\" target=\"_blank\" rel=\"noreferrer noopener nofollow\">hier<\/a>.<\/li>\n\n\n\n<li>Weitere Winteraktivit\u00e4ten wie Winter-und Schneeschuhwandern, Rodeln und Eislaufen finden Sie <a href=\"https:\/\/maps.pitztal.com\/v2\/de\/gdi_summer\/2d\/-1\/category\/11.206200387833935\/47.05870930671716\/10.678779947585099\/18371\/-1\/\" target=\"_blank\" rel=\"noreferrer noopener nofollow\">hier<\/a>.<\/li>\n<\/ul>\n<\/div>\n        <\/div>\n    <\/div>\n        <div class=\"accordion-item\">\n        <div class=\"accordion-header border-bottom-0 bg-transparent\" id=\"heading14048\">\n            <button class=\"accordion-button bg-transparent border-0 collapsed\" data-bs-toggle=\"collapse\" data-bs-target=\"#collapse14048\">Raucherbereich<\/button>\n        <\/div>\n        <div class=\"accordion-collapse collapse\" id=\"collapse14048\" data-bs-parent=\"#accordionParent\">\n            <div class=\"accordion-body\">\n<p>Unser Haus ist rauchfrei! Die Raucherbereiche finden Sie beim Eingangsbereich mit Raucherecke und auf dem Balkon. Hier stehen Aschenbecher f\u00fcr Sie bereit. Sollten Sie in Ihrem Zimmer oder Apartment keinen Aschenbecher vorfinden, geben Sie bitte kurz an der Rezeption Bescheid.<\/p>\n<\/div>\n        <\/div>\n    <\/div>\n        <div class=\"accordion-item\">\n        <div class=\"accordion-header border-bottom-0 bg-transparent\" id=\"heading14032\">\n            <button class=\"accordion-button bg-transparent border-0 collapsed\" data-bs-toggle=\"collapse\" data-bs-target=\"#collapse14032\">Rezeption<\/button>\n        <\/div>\n        <div class=\"accordion-collapse collapse\" id=\"collapse14032\" data-bs-parent=\"#accordionParent\">\n            <div class=\"accordion-body\">\n<p>Unsere Rezeption ist t\u00e4glich von 07:30 bis 23:30 Uhr besetzt. Die Durchwahl mit dem Haustelefon ist die 9. In Notf\u00e4llen erreichen Sie uns unter <a href=\"tel:+43541486100\">+43 (0) 5414 86100<\/a> oder unter 0664 88516397.<\/p>\n<\/div>\n        <\/div>\n    <\/div>\n        <div class=\"accordion-item\">\n        <div class=\"accordion-header border-bottom-0 bg-transparent\" id=\"heading14049\">\n            <button class=\"accordion-button bg-transparent border-0 collapsed\" data-bs-toggle=\"collapse\" data-bs-target=\"#collapse14049\">Safe<\/button>\n        <\/div>\n        <div class=\"accordion-collapse collapse\" id=\"collapse14049\" data-bs-parent=\"#accordionParent\">\n            <div class=\"accordion-body\">\n<p>In Ihrem Zimmer\/Apartment befindet sich ein Zimmersafe, wo Sie Ihre Wertsachen und Bargeld deponieren k\u00f6nnen (Versicherungsschutz bis \u20ac 3.000 pro Safe). Gerne k\u00f6nnen Sie h\u00f6here Geldbetr\u00e4ge an unserer Rezeption hinterlegen.<\/p>\n<\/div>\n        <\/div>\n    <\/div>\n        <div class=\"accordion-item\">\n        <div class=\"accordion-header border-bottom-0 bg-transparent\" id=\"heading14794\">\n            <button class=\"accordion-button bg-transparent border-0 collapsed\" data-bs-toggle=\"collapse\" data-bs-target=\"#collapse14794\">Skiraum \/ Depot<\/button>\n        <\/div>\n        <div class=\"accordion-collapse collapse\" id=\"collapse14794\" data-bs-parent=\"#accordionParent\">\n            <div class=\"accordion-body\">\n<p>Direkt neben dem Nachteingang finden Sie den Skiraum. Dort steht passend zu Ihrer Zimmernummer auch ein Ski-Depot f\u00fcr Sie bereit zum Verstauen Ihrer Ski, Skischuhe (mit Heizung) oder Wanderausr\u00fcstung im Sommer.<\/p>\n<\/div>\n        <\/div>\n    <\/div>\n        <div class=\"accordion-item\">\n        <div class=\"accordion-header border-bottom-0 bg-transparent\" id=\"heading14050\">\n            <button class=\"accordion-button bg-transparent border-0 collapsed\" data-bs-toggle=\"collapse\" data-bs-target=\"#collapse14050\">Spiele ausleihen<\/button>\n        <\/div>\n        <div class=\"accordion-collapse collapse\" id=\"collapse14050\" data-bs-parent=\"#accordionParent\">\n            <div class=\"accordion-body\">\n<p>Gerne k\u00f6nnen Sie sich an der Hotelrezeption verschiedene Gesellschaftsspiele kostenlos ausleihen.<\/p>\n<\/div>\n        <\/div>\n    <\/div>\n        <div class=\"accordion-item\">\n        <div class=\"accordion-header border-bottom-0 bg-transparent\" id=\"heading14795\">\n            <button class=\"accordion-button bg-transparent border-0 collapsed\" data-bs-toggle=\"collapse\" data-bs-target=\"#collapse14795\">Spielraum<\/button>\n        <\/div>\n        <div class=\"accordion-collapse collapse\" id=\"collapse14795\" data-bs-parent=\"#accordionParent\">\n            <div class=\"accordion-body\">\n<ul class=\"wp-block-list\">\n<li>Unser Spielraum befindet sich im Untergeschoss neben dem Fitnessraum. <\/li>\n\n\n\n<li>Bitte hinterlassen Sie den Raum so sauber und aufger\u00e4umt wie Sie ihn vorgefunden haben.<\/li>\n\n\n\n<li>Bitte lassen Sie Ihre Kinder nicht unbeaufsichtigt. Eltern haften f\u00fcr ihre Kinder.<\/li>\n<\/ul>\n<\/div>\n        <\/div>\n    <\/div>\n        <div class=\"accordion-item\">\n        <div class=\"accordion-header border-bottom-0 bg-transparent\" id=\"heading14796\">\n            <button class=\"accordion-button bg-transparent border-0 collapsed\" data-bs-toggle=\"collapse\" data-bs-target=\"#collapse14796\">T\u00fcrschilder<\/button>\n        <\/div>\n        <div class=\"accordion-collapse collapse\" id=\"collapse14796\" data-bs-parent=\"#accordionParent\">\n            <div class=\"accordion-body\">\n<ul class=\"wp-block-list\">\n<li>H\u00e4ngen Sie bitte das T\u00fcrschild an die Au\u00dfenseite Ihrer Zimmert\u00fcre, wenn etwas verbraucht ist, damit unser Housekeeping es f\u00fcr Sie nachf\u00fcllen kann. <\/li>\n\n\n\n<li>Die T\u00fcrschilder finden Sie im Zimmer am T\u00fcrgriff oder am Kleiderhaken der Garderobe.<\/li>\n<\/ul>\n<\/div>\n        <\/div>\n    <\/div>\n        <div class=\"accordion-item\">\n        <div class=\"accordion-header border-bottom-0 bg-transparent\" id=\"heading14051\">\n            <button class=\"accordion-button bg-transparent border-0 collapsed\" data-bs-toggle=\"collapse\" data-bs-target=\"#collapse14051\">Verleih im Hotel<\/button>\n        <\/div>\n        <div class=\"accordion-collapse collapse\" id=\"collapse14051\" data-bs-parent=\"#accordionParent\">\n            <div class=\"accordion-body\">\n<p>An der Rezeption k\u00f6nnen Sie sich kostenlos Rucks\u00e4cke, Wanderst\u00f6cke, Ferngl\u00e4ser sowie Regenschirme ausleihen.<\/p>\n<\/div>\n        <\/div>\n    <\/div>\n        <div class=\"accordion-item\">\n        <div class=\"accordion-header border-bottom-0 bg-transparent\" id=\"heading14798\">\n            <button class=\"accordion-button bg-transparent border-0 collapsed\" data-bs-toggle=\"collapse\" data-bs-target=\"#collapse14798\">Verleih von E-Bikes und Mountainbikes<\/button>\n        <\/div>\n        <div class=\"accordion-collapse collapse\" id=\"collapse14798\" data-bs-parent=\"#accordionParent\">\n            <div class=\"accordion-body\">\n<p>Fragen Sie an der Rezeption nach einer Rabatt-Karte.<\/p>\n<\/div>\n        <\/div>\n    <\/div>\n        <div class=\"accordion-item\">\n        <div class=\"accordion-header border-bottom-0 bg-transparent\" id=\"heading14799\">\n            <button class=\"accordion-button bg-transparent border-0 collapsed\" data-bs-toggle=\"collapse\" data-bs-target=\"#collapse14799\">Verleih von Ski &#038; Wintersport-Ausr\u00fcstung<\/button>\n        <\/div>\n        <div class=\"accordion-collapse collapse\" id=\"collapse14799\" data-bs-parent=\"#accordionParent\">\n            <div class=\"accordion-body\">\n<ul class=\"wp-block-list\">\n<li><a href=\"https:\/\/www.sportwohlfarter.at\/de\/services\/skiverleih\/\" target=\"_blank\" rel=\"noreferrer noopener nofollow\">Sport Wohlfarter<\/a><\/li>\n\n\n\n<li><a href=\"https:\/\/www.skiverleih-pitztal.at\/\" target=\"_blank\" rel=\"noreferrer noopener nofollow\">Skiverleih Pitztal<\/a><\/li>\n\n\n\n<li><a href=\"https:\/\/rental.skirentalresorts.com\/de\/#!\/p\/skiverleih\/jerzens-im-pitztal\/sportlentsch\/\" target=\"_blank\" rel=\"noreferrer noopener nofollow\">Sport Lentsch<\/a><\/li>\n<\/ul>\n\n\n\n<p>F\u00fcr weitere Informationen melden Sie sich gerne bei uns direkt an der Rezeption.<\/p>\n<\/div>\n        <\/div>\n    <\/div>\n        <div class=\"accordion-item\">\n        <div class=\"accordion-header border-bottom-0 bg-transparent\" id=\"heading14052\">\n            <button class=\"accordion-button bg-transparent border-0 collapsed\" data-bs-toggle=\"collapse\" data-bs-target=\"#collapse14052\">Waschkeller<\/button>\n        <\/div>\n        <div class=\"accordion-collapse collapse\" id=\"collapse14052\" data-bs-parent=\"#accordionParent\">\n            <div class=\"accordion-body\">\n<ul class=\"wp-block-list\">\n<li>Im Keller befindet sich f\u00fcr unsere G\u00e4ste eine Waschk\u00fcche, die Sie kostenlos benutzen k\u00f6nnen. Bitte halten Sie den Raum sauber. <\/li>\n\n\n\n<li>Bitte vermeiden Sie es, Teile einzeln zu waschen. Bitte sammeln Sie Ihre W\u00e4sche und verwenden Sie das Kurzprogramm der Waschmaschine \u2013 der Umwelt zuliebe! <\/li>\n\n\n\n<li>W\u00e4schest\u00e4nder f\u00fcr Ihr Zimmer oder Apartment k\u00f6nnen Sie gerne im Waschraum ausleihen \u2013 bitte nach Gebrauch wieder zur\u00fcckzubringen. <\/li>\n\n\n\n<li>Waschmittel k\u00f6nnen Sie an der Rezeption kaufen.<\/li>\n<\/ul>\n<\/div>\n        <\/div>\n    <\/div>\n        <div class=\"accordion-item\">\n        <div class=\"accordion-header border-bottom-0 bg-transparent\" id=\"heading14053\">\n            <button class=\"accordion-button bg-transparent border-0 collapsed\" data-bs-toggle=\"collapse\" data-bs-target=\"#collapse14053\">Wecker<\/button>\n        <\/div>\n        <div class=\"accordion-collapse collapse\" id=\"collapse14053\" data-bs-parent=\"#accordionParent\">\n            <div class=\"accordion-body\">\n<p>Dr\u00fccken Sie diese Taste auf Ihrem Telefon am Zimmer. Geben Sie die Weckzeit (4-stellig) ein, dr\u00fccken Sie danach auf #. Warten Sie auf die Ansage. Zum L\u00f6schen bitte wieder diese Taste anw\u00e4hlen und # dr\u00fccken.<\/p>\n<\/div>\n        <\/div>\n    <\/div>\n        <div class=\"accordion-item\">\n        <div class=\"accordion-header border-bottom-0 bg-transparent\" id=\"heading14817\">\n            <button class=\"accordion-button bg-transparent border-0 collapsed\" data-bs-toggle=\"collapse\" data-bs-target=\"#collapse14817\">Wellnessbereich<\/button>\n        <\/div>\n        <div class=\"accordion-collapse collapse\" id=\"collapse14817\" data-bs-parent=\"#accordionParent\">\n            <div class=\"accordion-body\">\n<p>Um Energie zu sparen, wird die Saunalandschaft zwischen 13:00 und 20:00 Uhr erst auf Anfrage gestartet.<\/p>\n\n\n\n<p>Die \u00d6ffnungszeiten unseres Wellnessbereichs und unsere SPA-Etikette finden Sie <a href=\"https:\/\/www.hotelandy.com\/de\/wellness-spa-vital\/spa-etikette-oeffnungszeiten\/\" target=\"_blank\" rel=\"noreferrer noopener\">hier<\/a>.<\/p>\n<\/div>\n        <\/div>\n    <\/div>\n        <div class=\"accordion-item\">\n        <div class=\"accordion-header border-bottom-0 bg-transparent\" id=\"heading14054\">\n            <button class=\"accordion-button bg-transparent border-0 collapsed\" data-bs-toggle=\"collapse\" data-bs-target=\"#collapse14054\">WLAN<\/button>\n        <\/div>\n        <div class=\"accordion-collapse collapse\" id=\"collapse14054\" data-bs-parent=\"#accordionParent\">\n            <div class=\"accordion-body\">\n<p>Bitte loggen Sie sich im Netzwerk Hotel Andy mit dem Passwort: Andy2019 ein.<\/p>\n<\/div>\n        <\/div>\n    <\/div>\n        <div class=\"accordion-item\">\n        <div class=\"accordion-header border-bottom-0 bg-transparent\" id=\"heading14917\">\n            <button class=\"accordion-button bg-transparent border-0 collapsed\" data-bs-toggle=\"collapse\" data-bs-target=\"#collapse14917\">Wochenprogramm<\/button>\n        <\/div>\n        <div class=\"accordion-collapse collapse\" id=\"collapse14917\" data-bs-parent=\"#accordionParent\">\n            <div class=\"accordion-body\">\n<p>Unser Wanderf\u00fchrer Klaus freut sich auf gemeinsame Ausfl\u00fcge in die Pitztaler Bergwelt. Alle aktuellen Infos dazu finden Sie in unserer Mappe in der Hotel-Lobby oder auf Nachfrage gerne an der Rezeption.<\/p>\n<\/div>\n        <\/div>\n    <\/div>\n        <div class=\"accordion-item\">\n        <div class=\"accordion-header border-bottom-0 bg-transparent\" id=\"heading14921\">\n            <button class=\"accordion-button bg-transparent border-0 collapsed\" data-bs-toggle=\"collapse\" data-bs-target=\"#collapse14921\">Zimmerreinigung im Apartment<\/button>\n        <\/div>\n        <div class=\"accordion-collapse collapse\" id=\"collapse14921\" data-bs-parent=\"#accordionParent\">\n            <div class=\"accordion-body\">\n<ul class=\"wp-block-list\">\n<li>Zwischengereinigt wird im Apartment ab einem Aufenthalt von 7 N\u00e4chten. <\/li>\n\n\n\n<li>Sollten Sie zwischenzeitlich frische Handt\u00fccher oder WC-Papier ben\u00f6tigen, oder Ihr Abfall entsorgt werden, verwenden Sie bitte die im Apartment hinterlegten T\u00fcrschilder, um unser Housekeeping dar\u00fcber zu informieren.<\/li>\n\n\n\n<li>Zus\u00e4tzlich stehen bei Bedarf f\u00fcr Ihre Abf\u00e4lle auch M\u00fclltonnen beim Parkhaus hinter dem Hotel zur Verf\u00fcgung.<\/li>\n<\/ul>\n<\/div>\n        <\/div>\n    <\/div>\n        <div class=\"accordion-item\">\n        <div class=\"accordion-header border-bottom-0 bg-transparent\" id=\"heading14056\">\n            <button class=\"accordion-button bg-transparent border-0 collapsed\" data-bs-toggle=\"collapse\" data-bs-target=\"#collapse14056\">Zimmerservice<\/button>\n        <\/div>\n        <div class=\"accordion-collapse collapse\" id=\"collapse14056\" data-bs-parent=\"#accordionParent\">\n            <div class=\"accordion-body\">\n<p>Gerne servieren wir Ihre Bestellung aus dem Restaurant oder von der Bar in Ihr Zimmer oder ins Apartment (gegen Geb\u00fchr).<\/p>\n<\/div>\n        <\/div>\n    <\/div>\n        <div class=\"accordion-item\">\n        <div class=\"accordion-header border-bottom-0 bg-transparent\" id=\"heading14055\">\n            <button class=\"accordion-button bg-transparent border-0 collapsed\" data-bs-toggle=\"collapse\" data-bs-target=\"#collapse14055\">Zimmertelefon<\/button>\n        <\/div>\n        <div class=\"accordion-collapse collapse\" id=\"collapse14055\" data-bs-parent=\"#accordionParent\">\n            <div class=\"accordion-body\">\n<p>F\u00fcr eine freie Leitung w\u00e4hlen Sie bitte vor der gew\u00fcnschten Nummer die Taste 0.<\/p>\n<\/div>\n        <\/div>\n    <\/div>\n    <\/div>\n\n\n\n<div style=\"height:100px\" aria-hidden=\"true\" class=\"wp-block-spacer\"><\/div>\n\n\n\n<div class=\"wp-block-buttons is-content-justification-center is-layout-flex wp-container-core-buttons-is-layout-16018d1d wp-block-buttons-is-layout-flex\">\n<div class=\"wp-block-button is-style-fill\"><a class=\"wp-block-button__link has-text-color has-background wp-element-button\" href=\"https:\/\/maps.pitztal.com\/v2\/de\/gdi_winter\/2d\/-1\/detail\/-1\/-1\/-1\/-1\/1466618\/false\/-1\/-1\/jerzens\/eyJnZW8iOnsib3NtSWQiOnsiaW5kZXhWYWx1ZSI6LTc3Nzk1LCJ0eXBlIjoiYWRtaW4ifX19\/-1\/-1\/0\/0\/\" style=\"border-radius:0px;color:#eeeeee;background-color:#9f436a\" target=\"_blank\" rel=\"noreferrer noopener nofollow\">Zur interaktiven Karte von Jerzens<\/a><\/div>\n<\/div>\n<\/div>\n\n\n\n<div style=\"height:100px\" aria-hidden=\"true\" class=\"wp-block-spacer\"><\/div>\n","protected":false},"excerpt":{"rendered":"<p>Herzlich Willkommen! Nachfolgend finden Sie alle n\u00fctzlichen Informationen f\u00fcr einen angenehmen Aufenthalt im Andy.<\/p>\n","protected":false},"author":1007,"featured_media":0,"parent":0,"menu_order":5,"comment_status":"closed","ping_status":"closed","template":"","meta":{"footnotes":""},"position":[],"class_list":["post-14057","page","type-page","status-publish","hentry"],"meta_box":{"attachment":[],"dreisechzig":""},"_links":{"self":[{"href":"https:\/\/www.hotelandy.com\/de\/wp-json\/wp\/v2\/pages\/14057","targetHints":{"allow":["GET"]}}],"collection":[{"href":"https:\/\/www.hotelandy.com\/de\/wp-json\/wp\/v2\/pages"}],"about":[{"href":"https:\/\/www.hotelandy.com\/de\/wp-json\/wp\/v2\/types\/page"}],"author":[{"embeddable":true,"href":"https:\/\/www.hotelandy.com\/de\/wp-json\/wp\/v2\/users\/1007"}],"replies":[{"embeddable":true,"href":"https:\/\/www.hotelandy.com\/de\/wp-json\/wp\/v2\/comments?post=14057"}],"version-history":[{"count":0,"href":"https:\/\/www.hotelandy.com\/de\/wp-json\/wp\/v2\/pages\/14057\/revisions"}],"wp:attachment":[{"href":"https:\/\/www.hotelandy.com\/de\/wp-json\/wp\/v2\/media?parent=14057"}],"wp:term":[{"taxonomy":"position","embeddable":true,"href":"https:\/\/www.hotelandy.com\/de\/wp-json\/wp\/v2\/position?post=14057"}],"curies":[{"name":"wp","href":"https:\/\/api.w.org\/{rel}","templated":true}]}}