{"id":10110,"date":"2018-11-12T12:52:25","date_gmt":"2018-11-12T11:52:25","guid":{"rendered":"https:\/\/www.hotelandy.com\/?post_type=zimmer&#038;p=10110"},"modified":"2026-04-26T15:11:22","modified_gmt":"2026-04-26T13:11:22","slug":"apartment-50-m2","status":"publish","type":"zimmer","link":"https:\/\/www.hotelandy.com\/de\/zimmer\/apartment-50-m2\/","title":{"rendered":"Apartment 50m\u00b2"},"content":{"rendered":"\n<p>Wohlf\u00fchl Zweiraum-Apartment f\u00fcr 2-4 Personen, voll ausgestattete K\u00fcche mit Kapsel-Kaffeemaschine, Essecke und gem\u00fctlicher Sitzgelegenheit. Der Schlafzimmer verf\u00fcgt \u00fcber ein Boxspringbett, im Wohn- &amp; Essbereich befindet sich ein Stockbett. Das Badezimmer ist mit Dusche sowie separatem WC ausgestattet. Zus\u00e4tzlich bietet das Apartment 2 Flat-TV, Telefon, Safe, Balkon sowie kostenlosen WLAN Zugang.<\/p>\n\n\n\n<div style=\"height:20px\" aria-hidden=\"true\" class=\"wp-block-spacer\"><\/div>\n\n\n\n<div class=\"row bg-light mx-auto p-4\">\n<div class=\"col text-center\">\n<div class=\"wp-block-group is-layout-flow wp-block-group-is-layout-flow\">\n<i class=\"fas fa-expand\"><\/i>\n\n\n\n<p>50m\u00b2<\/p>\n<\/div>\n\n\n\n<div class=\"wp-block-group is-layout-flow wp-block-group-is-layout-flow\">\n<i class=\"fas fa-tv\"><\/i>\n\n\n\n<p>Flat-TV<\/p>\n<\/div>\n\n\n\n<div class=\"wp-block-group is-layout-flow wp-block-group-is-layout-flow\">\n<i class=\"fas fa-car\"><\/i>\n\n\n\n<p>Garagenplatz<\/p>\n<\/div>\n\n\n\n<div class=\"wp-block-group is-layout-flow wp-block-group-is-layout-flow\">\n<i class=\"fas fa-lock\"><\/i>\n\n\n\n<p>Zimmersafe<\/p>\n<\/div>\n<\/div>\n\n\n\n<div class=\"col text-center\">\n<div class=\"wp-block-group is-layout-flow wp-block-group-is-layout-flow\">\n<i class=\"fas fa-users\"><\/i>\n\n\n\n<p>2-4 Personen<\/p>\n<\/div>\n\n\n\n<div class=\"wp-block-group is-layout-flow wp-block-group-is-layout-flow\">\n<i class=\"fas fa-phone-square\"><\/i>\n\n\n\n<p>Telefon<\/p>\n<\/div>\n\n\n\n<div class=\"wp-block-group is-layout-flow wp-block-group-is-layout-flow\">\n<i class=\"fas fa-wifi\"><\/i>\n\n\n\n<p>WLAN kostenlos<\/p>\n<\/div>\n\n\n\n<div class=\"wp-block-group is-layout-flow wp-block-group-is-layout-flow\">\n<i class=\"fas fa-skiing\"><\/i>\n\n\n\n<p>Depot f\u00fcr Ski &amp; Sport<\/p>\n<\/div>\n<\/div>\n<\/div>\n\n\n\n<div style=\"height:20px\" aria-hidden=\"true\" class=\"wp-block-spacer\"><\/div>\n\n\n<h3><\/h3>\n<p><\/p>\n<div class=\"accordion\" id=\"accordionParent\">\n        <div class=\"accordion-item\">\n        <div class=\"accordion-header border-bottom-0 bg-transparent\" id=\"heading10404\">\n            <button class=\"accordion-button bg-transparent border-0 collapsed\" data-bs-toggle=\"collapse\" data-bs-target=\"#collapse10404\">Inklusivleistungen<\/button>\n        <\/div>\n        <div class=\"accordion-collapse collapse\" id=\"collapse10404\" data-bs-parent=\"#accordionParent\">\n            <div class=\"accordion-body\">\n<ul class=\"wp-block-list\">\n<li><strong>Fr\u00fchst\u00fcck<\/strong>&nbsp;im Speisesaal oder im Apartment<\/li>\n\n\n\n<li><a href=\"https:\/\/www.hotelandy.com\/de\/sommerurlaub-pitztal-tirol\/#s7646\">Pitztal Sommercard<\/a>\u00a0\u2013 Kostenloser Zugang im Sommer zu allen Bergbahnen und weitere Erm\u00e4\u00dfigungen<\/li>\n\n\n\n<li>Freie Benutzung des 1.500m\u00b2 gro\u00dfen&nbsp;<strong>Spa-Bereichs<\/strong>&nbsp;mit Hallenbad und Au\u00dfen-Whirlpool<\/li>\n\n\n\n<li><strong>Badetasche<\/strong>&nbsp;mit kuscheligem Bademantel und Handt\u00fcchern<\/li>\n\n\n\n<li><strong>Aktivprogramm<\/strong>\u00a02x pro Woche mit gef\u00fchrten Wanderungen<\/li>\n\n\n\n<li>1x&nbsp;<strong>Zwischenreinigung<\/strong>&nbsp;pro Woche ab einem Aufenthalt von 7 Tagen<\/li>\n<\/ul>\n<\/div>\n        <\/div>\n    <\/div>\n    <\/div>\n\n\n\n<div style=\"height:20px\" aria-hidden=\"true\" class=\"wp-block-spacer\"><\/div>\n\n\n\n<h2 class=\"wp-block-heading\">Preise<\/h2>\n\n\n<div class=\"tablepress-wrapper\">\n\n<table id=\"tablepress-151\" class=\"tablepress tablepress-id-151 table bg-light text-center\" aria-describedby=\"tablepress-151-description\">\n<thead>\n<tr class=\"row-1\">\n\t<th class=\"column-1\">Tagespreise<br \/>\n<em>Price per day<\/em><br \/>\n<\/th><th class=\"column-2\">2-4 Pax ab\/from<\/th>\n<\/tr>\n<\/thead>\n<tbody class=\"row-striping row-hover\">\n<tr class=\"row-2\">\n\t<td class=\"column-1\">Winter<\/td><td class=\"column-2\">ab \u20ac 295<\/td>\n<\/tr>\n<tr class=\"row-3\">\n\t<td class=\"column-1\">Sommer\/<br \/>\nSummer<\/td><td class=\"column-2\">ab \u20ac 235<\/td>\n<\/tr>\n<\/tbody>\n<\/table>\n<span id=\"tablepress-151-description\" class=\"tablepress-table-description tablepress-table-description-id-151\"><em>Endreinigung\/Final cleaning fee \u20ac 95 - \u20ac 115<\/em><\/span>\n\n<\/div><!-- #tablepress-151 from cache -->\n\n\n\n<div style=\"height:20px\" aria-hidden=\"true\" class=\"wp-block-spacer\"><\/div>\n\n\n<h3><\/h3>\n<p><\/p>\n<div class=\"accordion\" id=\"accordionParent\">\n        <div class=\"accordion-item\">\n        <div class=\"accordion-header border-bottom-0 bg-transparent\" id=\"heading12680\">\n            <button class=\"accordion-button bg-transparent border-0 collapsed\" data-bs-toggle=\"collapse\" data-bs-target=\"#collapse12680\">Preisinformation<\/button>\n        <\/div>\n        <div class=\"accordion-collapse collapse\" id=\"collapse12680\" data-bs-parent=\"#accordionParent\">\n            <div class=\"accordion-body\">\n<ul class=\"wp-block-list\">\n<li>Preise in EUR pro Apartment<\/li>\n\n\n\n<li>zzgl. Ortstaxe \u20ac 4 pro Nacht\/Person ab 16 Jahre <\/li>\n\n\n\n<li>zus\u00e4tzliche Zwischenreinigung auf Wunsch \u20ac 50<\/li>\n\n\n\n<li>Haustiere: \u20ac 20 pro Tag ohne Futter<\/li>\n<\/ul>\n<\/div>\n        <\/div>\n    <\/div>\n    <\/div>\n\n\n\n<div style=\"height:20px\" aria-hidden=\"true\" class=\"wp-block-spacer\"><\/div>\n","protected":false},"excerpt":{"rendered":"<p>Wohlf\u00fchl Zweiraum-Apartment f\u00fcr 2 bis 4 Personen, voll ausgestattete K\u00fcche, Essecke und Sitzgelegenheit. F\u00fcr 2-4 Personen. <\/p>\n","protected":false},"featured_media":11730,"template":"","position":[173],"zimmerkategorie":[170],"class_list":["post-10110","zimmer","type-zimmer","status-publish","has-post-thumbnail","hentry","position-apartments","zimmerkategorie-apartments"],"meta_box":{"attachment":[{"attachment-image":"10170"},{"attachment-image":"10171"},{"attachment-image":"10168"},{"attachment-image":"11770"},{"attachment-image":"11764"},{"attachment-image":"11736"},{"attachment-image":"11618"},{"attachment-image":"11620"}],"preis":"235","preisbis":"","preisart":"Preis pro Apartment","dreisechzig":"","promotionlabel":"","kognitiv_room_id":"ROOM_9"},"_links":{"self":[{"href":"https:\/\/www.hotelandy.com\/de\/wp-json\/wp\/v2\/zimmer\/10110","targetHints":{"allow":["GET"]}}],"collection":[{"href":"https:\/\/www.hotelandy.com\/de\/wp-json\/wp\/v2\/zimmer"}],"about":[{"href":"https:\/\/www.hotelandy.com\/de\/wp-json\/wp\/v2\/types\/zimmer"}],"wp:featuredmedia":[{"embeddable":true,"href":"https:\/\/www.hotelandy.com\/de\/wp-json\/wp\/v2\/media\/11730"}],"wp:attachment":[{"href":"https:\/\/www.hotelandy.com\/de\/wp-json\/wp\/v2\/media?parent=10110"}],"wp:term":[{"taxonomy":"position","embeddable":true,"href":"https:\/\/www.hotelandy.com\/de\/wp-json\/wp\/v2\/position?post=10110"},{"taxonomy":"zimmerkategorie","embeddable":true,"href":"https:\/\/www.hotelandy.com\/de\/wp-json\/wp\/v2\/zimmerkategorie?post=10110"}],"curies":[{"name":"wp","href":"https:\/\/api.w.org\/{rel}","templated":true}]}}